{"id":2766,"date":"2020-09-06T16:24:09","date_gmt":"2020-09-06T13:24:09","guid":{"rendered":"https:\/\/www.sorbilene.com\/?page_id=2766"},"modified":"2023-06-25T16:46:03","modified_gmt":"2023-06-25T13:46:03","slug":"macos-destek-sayfasi","status":"publish","type":"page","link":"https:\/\/www.sorbilene.com\/blog\/macos-destek-sayfasi\/","title":{"rendered":"MacOS Destek Sayfas\u0131"},"content":{"rendered":"<div class=\"entry\">\n\n\n<p>Merhabalar, MacOS i\u015fletim sisteminde sizlere faydal\u0131 olaca\u011f\u0131n\u0131 d\u00fc\u015f\u00fcnd\u00fc\u011f\u00fcm\u00fcz konular\u0131 bir ba\u015fl\u0131kta toplayarak hizmetinize sunduk. Bu Sayfam\u0131zda MacOS kullan\u0131c\u0131lar\u0131n\u0131n s\u0131kl\u0131kla kar\u015f\u0131la\u015ft\u0131\u011f\u0131 sorunlara \u00e7\u00f6z\u00fcmler \u00fcrettik. Video \u015feklinde haz\u0131rlad\u0131\u011f\u0131m\u0131z \u00e7\u00f6z\u00fcmleri hizmetinize sunduk. gerek bu ba\u015fl\u0131k alt\u0131nda gerek ise video linki alt\u0131nda yorumlar yazarak kar\u015f\u0131la\u015ft\u0131\u011f\u0131n\u0131z sorunlar\u0131 bize bildirerek \u00e7\u00f6z\u00fcmler konusunda yard\u0131m alabilirsiniz. <\/p>\n\n\n\n<p><strong><em><span class=\"has-inline-color has-vivid-red-color\">\u0130\u015fte Konular\u0131m\u0131z:<\/span><\/em><\/strong><\/p>\n\n\n\n<p><strong>macOS Recovery Nas\u0131l Yap\u0131l\u0131r?, Mac i\u015fletim sistemini yeniden y\u00fcklemek, macOS Kurtarma&#8217;y\u0131 kullanma<\/strong><\/p>\n\n\n\n<figure class=\"wp-block-embed is-type-video is-provider-youtube wp-block-embed-youtube wp-embed-aspect-16-9 wp-has-aspect-ratio\"><div class=\"wp-block-embed__wrapper\">\n<div class=\"video-responsive\"><iframe loading=\"lazy\" title=\"macOS Recovery Nas\u0131l Yap\u0131l\u0131r?, Mac i\u015fletim sistemini yeniden y\u00fcklemek, macOS Kurtarma&#039;y\u0131 kullanma\" width=\"500\" height=\"281\" src=\"https:\/\/www.youtube.com\/embed\/2TEFotVLE7A?feature=oembed\" frameborder=\"0\" allow=\"accelerometer; autoplay; clipboard-write; encrypted-media; gyroscope; picture-in-picture; web-share\" referrerpolicy=\"strict-origin-when-cross-origin\" allowfullscreen><\/iframe><\/div>\n<\/div><\/figure>\n\n\n\n<p><\/p>\n\n\n\n<p><\/p>\n\n\n\n<p><strong>MacOS USB Bootable Disk Olu\u015fturma, MacOS Kurulumu \u0130\u00e7in USB Bellek Nas\u0131l Olu\u015fturulur<\/strong><\/p>\n\n\n\n<figure class=\"wp-block-embed is-type-video is-provider-youtube wp-block-embed-youtube wp-embed-aspect-16-9 wp-has-aspect-ratio\"><div class=\"wp-block-embed__wrapper\">\n<div class=\"video-responsive\"><iframe loading=\"lazy\" title=\"MacOS USB Bootable Disk Olu\u015fturma, MacOS Kurulumu \u0130\u00e7in USB Bellek Nas\u0131l Olu\u015fturulur\" width=\"500\" height=\"281\" src=\"https:\/\/www.youtube.com\/embed\/4P8MqWgES9Y?feature=oembed\" frameborder=\"0\" allow=\"accelerometer; autoplay; clipboard-write; encrypted-media; gyroscope; picture-in-picture; web-share\" referrerpolicy=\"strict-origin-when-cross-origin\" allowfullscreen><\/iframe><\/div>\n<\/div><\/figure>\n\n\n\n<p><\/p>\n\n\n\n<p><strong>Mac&#8217;inizi ba\u015flatt\u0131\u011f\u0131n\u0131zda \u00fczerinde \u00e7izgi bulunan bir daire (yasak simgesi) g\u00f6r\u00fcn\u00fcyorsa \u00c7\u00d6Z\u00dcM\u00dc<\/strong><\/p>\n\n\n\n<figure class=\"wp-block-embed is-type-video is-provider-youtube wp-block-embed-youtube wp-embed-aspect-16-9 wp-has-aspect-ratio\"><div class=\"wp-block-embed__wrapper\">\n<div class=\"video-responsive\"><iframe loading=\"lazy\" title=\"Mac&#039;inizi ba\u015flatt\u0131\u011f\u0131n\u0131zda \u00fczerinde \u00e7izgi bulunan bir daire (yasak simgesi) g\u00f6r\u00fcn\u00fcyorsa \u00c7\u00d6Z\u00dcM\u00dc\" width=\"500\" height=\"281\" src=\"https:\/\/www.youtube.com\/embed\/qNRXsTd8zPc?feature=oembed\" frameborder=\"0\" allow=\"accelerometer; autoplay; clipboard-write; encrypted-media; gyroscope; picture-in-picture; web-share\" referrerpolicy=\"strict-origin-when-cross-origin\" allowfullscreen><\/iframe><\/div>\n<\/div><\/figure>\n\n\n\n<p><\/p>\n\n\n\n<p><\/p>\n\n\n\n<p><strong>\u00c7\u00f6km\u00fc\u015f Mac Os X kurtarma, Recovery, ekranda soru i\u015fareti hatas\u0131 \u00e7\u00f6z\u00fcm\u00fc<\/strong><\/p>\n\n\n\n<figure class=\"wp-block-embed is-type-video is-provider-youtube wp-block-embed-youtube wp-embed-aspect-16-9 wp-has-aspect-ratio\"><div class=\"wp-block-embed__wrapper\">\n<div class=\"video-responsive\"><iframe loading=\"lazy\" title=\"\u00c7\u00f6km\u00fc\u015f Mac Os X  yeniden kurmak, Formatlamak,  Recovery ekran\u0131nda soru i\u015fareti hatas\u0131 \u00e7\u00f6z\u00fcm\u00fc\" width=\"500\" height=\"281\" src=\"https:\/\/www.youtube.com\/embed\/2rpWLdxgLew?feature=oembed\" frameborder=\"0\" allow=\"accelerometer; autoplay; clipboard-write; encrypted-media; gyroscope; picture-in-picture; web-share\" referrerpolicy=\"strict-origin-when-cross-origin\" allowfullscreen><\/iframe><\/div>\n<\/div><\/figure>\n\n\n\n<p><\/p>\n\n\n\n<p><\/p>\n\n\n\n<p><strong>MacBook Air Y\u00fckleme haz\u0131rlan\u0131rken bir hata olu\u015ftu Bu uygulamay\u0131 yeniden \u00e7al\u0131\u015ft\u0131rmay\u0131 Hatas\u0131 \u00c7\u00f6z\u00fcm\u00fc<\/strong><\/p>\n\n\n\n<figure class=\"wp-block-embed is-type-video is-provider-youtube wp-block-embed-youtube wp-embed-aspect-16-9 wp-has-aspect-ratio\"><div class=\"wp-block-embed__wrapper\">\n<div class=\"video-responsive\"><iframe loading=\"lazy\" title=\"MacBook Air  Y\u00fckleme haz\u0131rlan\u0131rken bir hata olu\u015ftu  Bu uygulamay\u0131 yeniden \u00e7al\u0131\u015ft\u0131rmay\u0131 Hatas\u0131 \u00c7\u00f6z\u00fcm\u00fc\" width=\"500\" height=\"281\" src=\"https:\/\/www.youtube.com\/embed\/FWfckEukp8E?feature=oembed\" frameborder=\"0\" allow=\"accelerometer; autoplay; clipboard-write; encrypted-media; gyroscope; picture-in-picture; web-share\" referrerpolicy=\"strict-origin-when-cross-origin\" allowfullscreen><\/iframe><\/div>\n<\/div><\/figure>\n\n\n\n<p><\/p>\n\n\n\n<p><\/p>\n\n\n\n<p><\/p>\n\n\n\n<p><strong>MacBook Password resetleme, Forgot your Mac&#8217;s password, Unutulan Mac parolan\u0131z\u0131 s\u0131f\u0131rlama yapma<\/strong><\/p>\n\n\n\n<figure class=\"wp-block-embed is-type-video is-provider-youtube wp-block-embed-youtube wp-embed-aspect-16-9 wp-has-aspect-ratio\"><div class=\"wp-block-embed__wrapper\">\n<div class=\"video-responsive\"><iframe loading=\"lazy\" title=\"MacBook User Password reset, Forgot your Mac&#039;s User password, Mac kullan\u0131c\u0131 parolan\u0131z\u0131 s\u0131f\u0131rlama\" width=\"500\" height=\"281\" src=\"https:\/\/www.youtube.com\/embed\/D8ebQE_LokQ?feature=oembed\" frameborder=\"0\" allow=\"accelerometer; autoplay; clipboard-write; encrypted-media; gyroscope; picture-in-picture; web-share\" referrerpolicy=\"strict-origin-when-cross-origin\" allowfullscreen><\/iframe><\/div>\n<\/div><\/figure>\n\n\n\n<p><\/p>\n\n\n\n<p><\/p>\n\n\n\n<p>How to Resolve Error Code -5101f on Mac, MacOs kurulumunda -5101f Hata Kodu Nas\u0131l \u00c7\u00f6z\u00fcl\u00fcr?<\/p>\n\n\n\n<figure class=\"wp-block-embed is-type-video is-provider-youtube wp-block-embed-youtube wp-embed-aspect-16-9 wp-has-aspect-ratio\"><div class=\"wp-block-embed__wrapper\">\n<div class=\"video-responsive\"><iframe loading=\"lazy\" title=\"How to Resolve Error Code -5101f on Mac, MacOs kurulumunda -5101f Hata Kodu  Nas\u0131l \u00c7\u00f6z\u00fcl\u00fcr?\" width=\"500\" height=\"281\" src=\"https:\/\/www.youtube.com\/embed\/8P2-4pi1fdw?feature=oembed\" frameborder=\"0\" allow=\"accelerometer; autoplay; clipboard-write; encrypted-media; gyroscope; picture-in-picture; web-share\" referrerpolicy=\"strict-origin-when-cross-origin\" allowfullscreen><\/iframe><\/div>\n<\/div><\/figure>\n\n\n\n<p><\/p>\n\n\n\n<p>MacOS Catalina&#8217;y\u0131 Desteklenmeyen eski Bir Mac&#8217;e Y\u00fckleme, Installing macOS on an Unsupported Mac<\/p>\n\n\n\n<figure class=\"wp-block-embed is-type-video is-provider-youtube wp-block-embed-youtube wp-embed-aspect-16-9 wp-has-aspect-ratio\"><div class=\"wp-block-embed__wrapper\">\n<div class=\"video-responsive\"><iframe loading=\"lazy\" title=\"MacOS Catalina&#039;y\u0131 Desteklenmeyen eski Bir Mac&#039;e Y\u00fckleme, Installing macOS on an Unsupported Mac\" width=\"500\" height=\"281\" src=\"https:\/\/www.youtube.com\/embed\/1L4eihCIUkw?feature=oembed\" frameborder=\"0\" allow=\"accelerometer; autoplay; clipboard-write; encrypted-media; gyroscope; picture-in-picture; web-share\" referrerpolicy=\"strict-origin-when-cross-origin\" allowfullscreen><\/iframe><\/div>\n<\/div><\/figure>\n\n\n<\/div>","protected":false},"excerpt":{"rendered":"<p>Merhabalar, MacOS i\u015fletim sisteminde sizlere faydal\u0131 olaca\u011f\u0131n\u0131 d\u00fc\u015f\u00fcnd\u00fc\u011f\u00fcm\u00fcz konular\u0131 bir ba\u015fl\u0131kta toplayarak hizmetinize sunduk. Bu Sayfam\u0131zda MacOS kullan\u0131c\u0131lar\u0131n\u0131n s\u0131kl\u0131kla kar\u015f\u0131la\u015ft\u0131\u011f\u0131 sorunlara \u00e7\u00f6z\u00fcmler \u00fcrettik. Video \u015feklinde haz\u0131rlad\u0131\u011f\u0131m\u0131z \u00e7\u00f6z\u00fcmleri hizmetinize sunduk. gerek bu ba\u015fl\u0131k alt\u0131nda gerek ise video linki alt\u0131nda yorumlar yazarak kar\u015f\u0131la\u015ft\u0131\u011f\u0131n\u0131z sorunlar\u0131 bize bildirerek \u00e7\u00f6z\u00fcmler konusunda yard\u0131m alabilirsiniz. \u0130\u015fte Konular\u0131m\u0131z: macOS Recovery Nas\u0131l Yap\u0131l\u0131r?, Mac &#8230;<\/p>\n","protected":false},"author":1,"featured_media":0,"parent":0,"menu_order":3,"comment_status":"closed","ping_status":"closed","template":"","meta":{"om_disable_all_campaigns":false,"_monsterinsights_skip_tracking":false,"_monsterinsights_sitenote_active":false,"_monsterinsights_sitenote_note":"","_monsterinsights_sitenote_category":0,"footnotes":""},"class_list":["post-2766","page","type-page","status-publish"],"aioseo_notices":[],"_links":{"self":[{"href":"https:\/\/www.sorbilene.com\/blog\/wp-json\/wp\/v2\/pages\/2766","targetHints":{"allow":["GET"]}}],"collection":[{"href":"https:\/\/www.sorbilene.com\/blog\/wp-json\/wp\/v2\/pages"}],"about":[{"href":"https:\/\/www.sorbilene.com\/blog\/wp-json\/wp\/v2\/types\/page"}],"author":[{"embeddable":true,"href":"https:\/\/www.sorbilene.com\/blog\/wp-json\/wp\/v2\/users\/1"}],"replies":[{"embeddable":true,"href":"https:\/\/www.sorbilene.com\/blog\/wp-json\/wp\/v2\/comments?post=2766"}],"version-history":[{"count":5,"href":"https:\/\/www.sorbilene.com\/blog\/wp-json\/wp\/v2\/pages\/2766\/revisions"}],"predecessor-version":[{"id":3251,"href":"https:\/\/www.sorbilene.com\/blog\/wp-json\/wp\/v2\/pages\/2766\/revisions\/3251"}],"wp:attachment":[{"href":"https:\/\/www.sorbilene.com\/blog\/wp-json\/wp\/v2\/media?parent=2766"}],"curies":[{"name":"wp","href":"https:\/\/api.w.org\/{rel}","templated":true}]}}